{"id":6780,"date":"2024-10-31T21:06:12","date_gmt":"2024-10-31T20:06:12","guid":{"rendered":"https:\/\/novaweb.naranjasdealcanar.com\/?page_id=6780"},"modified":"2025-05-09T11:31:58","modified_gmt":"2025-05-09T10:31:58","slug":"comprar-otros-productos","status":"publish","type":"page","link":"https:\/\/www.naranjasdealcanar.com\/es\/comprar-otros-productos\/","title":{"rendered":"Comprar otros productos"},"content":{"rendered":"\t\t<div data-elementor-type=\"wp-page\" data-elementor-id=\"6780\" class=\"elementor elementor-6780\">\n\t\t\t\t<div class=\"elementor-element elementor-element-127a186 text-center e-flex e-con-boxed wpr-particle-no wpr-jarallax-no wpr-parallax-no wpr-sticky-section-no wpr-equal-height-no none e-con e-parent\" data-id=\"127a186\" data-element_type=\"container\" data-e-type=\"container\">\n\t\t\t\t\t<div class=\"e-con-inner\">\n\t\t<div class=\"elementor-element elementor-element-7e975ab e-con-full e-flex wpr-particle-no wpr-jarallax-no wpr-parallax-no wpr-sticky-section-no wpr-equal-height-no none e-con e-child\" data-id=\"7e975ab\" data-element_type=\"container\" data-e-type=\"container\">\n\t\t\t\t<\/div>\n\t\t<div class=\"elementor-element elementor-element-2f2d728 e-con-full e-flex wpr-particle-no wpr-jarallax-no wpr-parallax-no wpr-sticky-section-no wpr-equal-height-no none e-con e-child\" data-id=\"2f2d728\" data-element_type=\"container\" data-e-type=\"container\">\n\t\t\t\t<div class=\"elementor-element elementor-element-45219d8 none elementor-widget elementor-widget-heading\" data-id=\"45219d8\" data-element_type=\"widget\" data-e-type=\"widget\" data-widget_type=\"heading.default\">\n\t\t\t\t<div class=\"elementor-widget-container\">\n\t\t\t\t\t<h2 class=\"elementor-heading-title elementor-size-default\">Pomelo<\/h2>\t\t\t\t<\/div>\n\t\t\t\t<\/div>\n\t\t\t\t<div class=\"elementor-element elementor-element-5058a29 none elementor-widget elementor-widget-image\" data-id=\"5058a29\" data-element_type=\"widget\" data-e-type=\"widget\" data-widget_type=\"image.default\">\n\t\t\t\t<div class=\"elementor-widget-container\">\n\t\t\t\t\t\t\t\t\t\t\t\t\t\t\t<img decoding=\"async\" width=\"91\" height=\"7\" src=\"https:\/\/www.naranjasdealcanar.com\/wp-content\/uploads\/2021\/09\/13-img-27.png\" class=\"attachment-large size-large wp-image-3552 wp-post-image\" alt=\"\" srcset=\"https:\/\/www.naranjasdealcanar.com\/wp-content\/uploads\/2021\/09\/13-img-27.png 91w, https:\/\/www.naranjasdealcanar.com\/wp-content\/uploads\/2021\/09\/13-img-27-76x6.png 76w, https:\/\/www.naranjasdealcanar.com\/wp-content\/uploads\/2021\/09\/13-img-27-64x5.png 64w\" sizes=\"(max-width: 91px) 100vw, 91px\" \/>\t\t\t\t\t\t\t\t\t\t\t\t\t\t\t<\/div>\n\t\t\t\t<\/div>\n\t\t\t\t<div class=\"elementor-element elementor-element-b1f5254 none elementor-widget elementor-widget-text-editor\" data-id=\"b1f5254\" data-element_type=\"widget\" data-e-type=\"widget\" data-widget_type=\"text-editor.default\">\n\t\t\t\t<div class=\"elementor-widget-container\">\n\t\t\t\t\t\t\t\t\t<p>Fruto \u00e1cido para hacer zumo, mezclado con naranja est\u00e1 espectacular. Rico en viatamina C, potente antioxidante y depurativo.\u00a0<\/p><p><strong>Temporada<\/strong>: a partir de febrero.<\/p>\t\t\t\t\t\t\t\t<\/div>\n\t\t\t\t<\/div>\n\t\t\t\t<\/div>\n\t\t<div class=\"elementor-element elementor-element-151ed9e e-con-full e-flex wpr-particle-no wpr-jarallax-no wpr-parallax-no wpr-sticky-section-no wpr-equal-height-no none e-con e-child\" data-id=\"151ed9e\" data-element_type=\"container\" data-e-type=\"container\">\n\t\t\t\t<\/div>\n\t\t\t\t\t<\/div>\n\t\t\t\t<\/div>\n\t\t<div class=\"elementor-element elementor-element-d6409e5 e-flex e-con-boxed wpr-particle-no wpr-jarallax-no wpr-parallax-no wpr-sticky-section-no wpr-equal-height-no none e-con e-parent\" data-id=\"d6409e5\" data-element_type=\"container\" data-e-type=\"container\">\n\t\t\t\t\t<div class=\"e-con-inner\">\n\t\t<div class=\"elementor-element elementor-element-9dc3cbc e-con-full e-flex wpr-particle-no wpr-jarallax-no wpr-parallax-no wpr-sticky-section-no wpr-equal-height-no none e-con e-child\" data-id=\"9dc3cbc\" data-element_type=\"container\" data-e-type=\"container\">\n\t\t\t\t<div class=\"elementor-element elementor-element-d0ddbc0 labels-not-yes rating-not-yes cate-not-yes none elementor-widget elementor-widget-ovic_products\" data-id=\"d0ddbc0\" data-element_type=\"widget\" data-e-type=\"widget\" data-widget_type=\"ovic_products.default\">\n\t\t\t\t<div class=\"elementor-widget-container\">\n\t\t\t\t\t<div data-id=\"products_219\" class=\"ovic-products   style-03\"><div class=\"woocommerce columns-3 \"><\/div><\/div>\t\t\t\t<\/div>\n\t\t\t\t<\/div>\n\t\t\t\t<\/div>\n\t\t\t\t\t<\/div>\n\t\t\t\t<\/div>\n\t\t<div class=\"elementor-element elementor-element-2645339 e-flex e-con-boxed wpr-particle-no wpr-jarallax-no wpr-parallax-no wpr-sticky-section-no wpr-equal-height-no none e-con e-parent\" data-id=\"2645339\" data-element_type=\"container\" data-e-type=\"container\">\n\t\t\t\t\t<div class=\"e-con-inner\">\n\t\t<div class=\"elementor-element elementor-element-cf236a7 e-con-full e-flex wpr-particle-no wpr-jarallax-no wpr-parallax-no wpr-sticky-section-no wpr-equal-height-no none e-con e-child\" data-id=\"cf236a7\" data-element_type=\"container\" data-e-type=\"container\">\n\t\t\t\t<div class=\"elementor-element elementor-element-4250214 none elementor-widget elementor-widget-heading\" data-id=\"4250214\" data-element_type=\"widget\" data-e-type=\"widget\" data-widget_type=\"heading.default\">\n\t\t\t\t<div class=\"elementor-widget-container\">\n\t\t\t\t\t<h2 class=\"elementor-heading-title elementor-size-default\">Lim\u00f3n<\/h2>\t\t\t\t<\/div>\n\t\t\t\t<\/div>\n\t\t\t\t<div class=\"elementor-element elementor-element-97d4a7c none elementor-widget elementor-widget-image\" data-id=\"97d4a7c\" data-element_type=\"widget\" data-e-type=\"widget\" data-widget_type=\"image.default\">\n\t\t\t\t<div class=\"elementor-widget-container\">\n\t\t\t\t\t\t\t\t\t\t\t\t\t\t\t<img decoding=\"async\" width=\"91\" height=\"7\" src=\"https:\/\/www.naranjasdealcanar.com\/wp-content\/uploads\/2021\/09\/13-img-27.png\" class=\"attachment-large size-large wp-image-3552 wp-post-image\" alt=\"\" srcset=\"https:\/\/www.naranjasdealcanar.com\/wp-content\/uploads\/2021\/09\/13-img-27.png 91w, https:\/\/www.naranjasdealcanar.com\/wp-content\/uploads\/2021\/09\/13-img-27-76x6.png 76w, https:\/\/www.naranjasdealcanar.com\/wp-content\/uploads\/2021\/09\/13-img-27-64x5.png 64w\" sizes=\"(max-width: 91px) 100vw, 91px\" \/>\t\t\t\t\t\t\t\t\t\t\t\t\t\t\t<\/div>\n\t\t\t\t<\/div>\n\t\t\t\t<div class=\"elementor-element elementor-element-db05d81 none elementor-widget elementor-widget-text-editor\" data-id=\"db05d81\" data-element_type=\"widget\" data-e-type=\"widget\" data-widget_type=\"text-editor.default\">\n\t\t\t\t<div class=\"elementor-widget-container\">\n\t\t\t\t\t\t\t\t\t<p>Es uno de los c\u00edtricos m\u00e1s \u00e1cidos, es muy rico en vitamina C i otros minerales. Calibre mediano.<\/p><p><strong>Temporada<\/strong>: a partir de enero.<\/p>\t\t\t\t\t\t\t\t<\/div>\n\t\t\t\t<\/div>\n\t\t\t\t<\/div>\n\t\t\t\t\t<\/div>\n\t\t\t\t<\/div>\n\t\t<div class=\"elementor-element elementor-element-c816350 elementor-hidden-desktop elementor-hidden-tablet elementor-hidden-mobile_extra elementor-hidden-mobile e-flex e-con-boxed wpr-particle-no wpr-jarallax-no wpr-parallax-no wpr-sticky-section-no wpr-equal-height-no none e-con e-parent\" data-id=\"c816350\" data-element_type=\"container\" data-e-type=\"container\">\n\t\t\t\t\t<div class=\"e-con-inner\">\n\t\t<div class=\"elementor-element elementor-element-872a512 e-con-full e-flex wpr-particle-no wpr-jarallax-no wpr-parallax-no wpr-sticky-section-no wpr-equal-height-no none e-con e-child\" data-id=\"872a512\" data-element_type=\"container\" data-e-type=\"container\">\n\t\t\t\t<div class=\"elementor-element elementor-element-0f601ca effect background-zoom elementor-widget elementor-widget-image\" data-id=\"0f601ca\" data-element_type=\"widget\" data-e-type=\"widget\" data-widget_type=\"image.default\">\n\t\t\t\t<div class=\"elementor-widget-container\">\n\t\t\t\t\t\t\t\t\t\t\t\t\t\t\t<img decoding=\"async\" src=\"https:\/\/novaweb.naranjasdealcanar.com\/wp-content\/uploads\/2022\/09\/limones.jpg\" title=\"\" alt=\"\" loading=\"lazy\" \/>\t\t\t\t\t\t\t\t\t\t\t\t\t\t\t<\/div>\n\t\t\t\t<\/div>\n\t\t\t\t<\/div>\n\t\t<div class=\"elementor-element elementor-element-8193440 e-con-full e-flex wpr-particle-no wpr-jarallax-no wpr-parallax-no wpr-sticky-section-no wpr-equal-height-no none e-con e-child\" data-id=\"8193440\" data-element_type=\"container\" data-e-type=\"container\">\n\t\t\t\t<div class=\"elementor-element elementor-element-174a894 none elementor-widget elementor-widget-heading\" data-id=\"174a894\" data-element_type=\"widget\" data-e-type=\"widget\" data-widget_type=\"heading.default\">\n\t\t\t\t<div class=\"elementor-widget-container\">\n\t\t\t\t\t<h2 class=\"elementor-heading-title elementor-size-default\">Lim\u00f3n<\/h2>\t\t\t\t<\/div>\n\t\t\t\t<\/div>\n\t\t\t\t<div class=\"elementor-element elementor-element-0fa22b2 none elementor-widget elementor-widget-image\" data-id=\"0fa22b2\" data-element_type=\"widget\" data-e-type=\"widget\" data-widget_type=\"image.default\">\n\t\t\t\t<div class=\"elementor-widget-container\">\n\t\t\t\t\t\t\t\t\t\t\t\t\t\t\t<img decoding=\"async\" width=\"91\" height=\"7\" src=\"https:\/\/www.naranjasdealcanar.com\/wp-content\/uploads\/2021\/09\/13-img-27.png\" class=\"attachment-large size-large wp-image-3552 wp-post-image\" alt=\"\" srcset=\"https:\/\/www.naranjasdealcanar.com\/wp-content\/uploads\/2021\/09\/13-img-27.png 91w, https:\/\/www.naranjasdealcanar.com\/wp-content\/uploads\/2021\/09\/13-img-27-76x6.png 76w, https:\/\/www.naranjasdealcanar.com\/wp-content\/uploads\/2021\/09\/13-img-27-64x5.png 64w\" sizes=\"(max-width: 91px) 100vw, 91px\" \/>\t\t\t\t\t\t\t\t\t\t\t\t\t\t\t<\/div>\n\t\t\t\t<\/div>\n\t\t\t\t<div class=\"elementor-element elementor-element-5d21c48 none elementor-widget elementor-widget-text-editor\" data-id=\"5d21c48\" data-element_type=\"widget\" data-e-type=\"widget\" data-widget_type=\"text-editor.default\">\n\t\t\t\t<div class=\"elementor-widget-container\">\n\t\t\t\t\t\t\t\t\t<p>Es uno de los c\u00edtricos m\u00e1s \u00e1cidos, es muy rico en vitamina C i otros minerales. Calibre mediano.<\/p><p><strong>Temporada<\/strong>: a partir de enero.<\/p>\t\t\t\t\t\t\t\t<\/div>\n\t\t\t\t<\/div>\n\t\t\t\t<div class=\"elementor-element elementor-element-6477606 none elementor-widget elementor-widget-button\" data-id=\"6477606\" data-element_type=\"widget\" data-e-type=\"widget\" data-widget_type=\"button.default\">\n\t\t\t\t<div class=\"elementor-widget-container\">\n\t\t\t\t\t\t\t\t\t<div class=\"elementor-button-wrapper\">\n\t\t\t\t\t<a class=\"elementor-button elementor-size-sm\" role=\"button\">\n\t\t\t\t\t\t<span class=\"elementor-button-content-wrapper\">\n\t\t\t\t\t\t<span class=\"elementor-button-icon\">\n\t\t\t\t<i aria-hidden=\"true\" class=\"far fa-clock\"><\/i>\t\t\t<\/span>\n\t\t\t\t\t\t\t\t\t<span class=\"elementor-button-text\">En maduraci\u00f3n<\/span>\n\t\t\t\t\t<\/span>\n\t\t\t\t\t<\/a>\n\t\t\t\t<\/div>\n\t\t\t\t\t\t\t\t<\/div>\n\t\t\t\t<\/div>\n\t\t\t\t<\/div>\n\t\t\t\t\t<\/div>\n\t\t\t\t<\/div>\n\t\t<div class=\"elementor-element elementor-element-c391395 e-flex e-con-boxed wpr-particle-no wpr-jarallax-no wpr-parallax-no wpr-sticky-section-no wpr-equal-height-no none e-con e-parent\" data-id=\"c391395\" data-element_type=\"container\" data-e-type=\"container\">\n\t\t\t\t\t<div class=\"e-con-inner\">\n\t\t<div class=\"elementor-element elementor-element-4e03ccd e-con-full e-flex wpr-particle-no wpr-jarallax-no wpr-parallax-no wpr-sticky-section-no wpr-equal-height-no none e-con e-child\" data-id=\"4e03ccd\" data-element_type=\"container\" data-e-type=\"container\">\n\t\t\t\t<div class=\"elementor-element elementor-element-97181cf labels-not-yes rating-not-yes cate-not-yes none elementor-widget elementor-widget-ovic_products\" data-id=\"97181cf\" data-element_type=\"widget\" data-e-type=\"widget\" data-widget_type=\"ovic_products.default\">\n\t\t\t\t<div class=\"elementor-widget-container\">\n\t\t\t\t\t<div data-id=\"products_158\" class=\"ovic-products   style-03\"><div class=\"woocommerce columns-3 \"><\/div><\/div>\t\t\t\t<\/div>\n\t\t\t\t<\/div>\n\t\t\t\t<\/div>\n\t\t\t\t\t<\/div>\n\t\t\t\t<\/div>\n\t\t<div class=\"elementor-element elementor-element-24c3422 e-flex e-con-boxed wpr-particle-no wpr-jarallax-no wpr-parallax-no wpr-sticky-section-no wpr-equal-height-no none e-con e-parent\" data-id=\"24c3422\" data-element_type=\"container\" data-e-type=\"container\">\n\t\t\t\t\t<div class=\"e-con-inner\">\n\t\t<div class=\"elementor-element elementor-element-bb7c6a1 e-con-full e-flex wpr-particle-no wpr-jarallax-no wpr-parallax-no wpr-sticky-section-no wpr-equal-height-no none e-con e-child\" data-id=\"bb7c6a1\" data-element_type=\"container\" data-e-type=\"container\">\n\t\t\t\t<div class=\"elementor-element elementor-element-6ea425a elementor-widget elementor-widget-image\" data-id=\"6ea425a\" data-element_type=\"widget\" data-e-type=\"widget\" data-widget_type=\"image.default\">\n\t\t\t\t<div class=\"elementor-widget-container\">\n\t\t\t\t\t\t\t\t\t\t\t\t\t\t\t\t<a class=\"effect background-zoom\" href=\"https:\/\/www.naranjasdealcanar.com\/es\/comprar-online\/tomate-de-colgar-1kg\/\">\n\t\t\t\t\t\t\t<img decoding=\"async\" src=\"https:\/\/novaweb.naranjasdealcanar.com\/wp-content\/uploads\/2022\/10\/tomates-de-colgar.jpg\" title=\"\" alt=\"\" loading=\"lazy\" \/>\t\t\t\t\t\t\t\t<\/a>\n\t\t\t\t\t\t\t\t\t\t\t\t\t\t\t<\/div>\n\t\t\t\t<\/div>\n\t\t\t\t<\/div>\n\t\t<div class=\"elementor-element elementor-element-c9fbcb7 e-con-full e-flex wpr-particle-no wpr-jarallax-no wpr-parallax-no wpr-sticky-section-no wpr-equal-height-no none e-con e-child\" data-id=\"c9fbcb7\" data-element_type=\"container\" data-e-type=\"container\">\n\t\t\t\t<div class=\"elementor-element elementor-element-2947784 none elementor-widget elementor-widget-heading\" data-id=\"2947784\" data-element_type=\"widget\" data-e-type=\"widget\" data-widget_type=\"heading.default\">\n\t\t\t\t<div class=\"elementor-widget-container\">\n\t\t\t\t\t<h2 class=\"elementor-heading-title elementor-size-default\">Tomate de colgar<\/h2>\t\t\t\t<\/div>\n\t\t\t\t<\/div>\n\t\t\t\t<div class=\"elementor-element elementor-element-5bd5b44 none elementor-widget elementor-widget-image\" data-id=\"5bd5b44\" data-element_type=\"widget\" data-e-type=\"widget\" data-widget_type=\"image.default\">\n\t\t\t\t<div class=\"elementor-widget-container\">\n\t\t\t\t\t\t\t\t\t\t\t\t\t\t\t<img decoding=\"async\" width=\"91\" height=\"7\" src=\"https:\/\/www.naranjasdealcanar.com\/wp-content\/uploads\/2021\/09\/13-img-27.png\" class=\"attachment-large size-large wp-image-3552 wp-post-image\" alt=\"\" srcset=\"https:\/\/www.naranjasdealcanar.com\/wp-content\/uploads\/2021\/09\/13-img-27.png 91w, https:\/\/www.naranjasdealcanar.com\/wp-content\/uploads\/2021\/09\/13-img-27-76x6.png 76w, https:\/\/www.naranjasdealcanar.com\/wp-content\/uploads\/2021\/09\/13-img-27-64x5.png 64w\" sizes=\"(max-width: 91px) 100vw, 91px\" \/>\t\t\t\t\t\t\t\t\t\t\t\t\t\t\t<\/div>\n\t\t\t\t<\/div>\n\t\t\t\t<div class=\"elementor-element elementor-element-1ca2fcd none elementor-widget elementor-widget-text-editor\" data-id=\"1ca2fcd\" data-element_type=\"widget\" data-e-type=\"widget\" data-widget_type=\"text-editor.default\">\n\t\t\t\t<div class=\"elementor-widget-container\">\n\t\t\t\t\t\t\t\t\t<p>Muy jugosa ideal para hacer: \u00abpan mojado en tomate\u00bb. Tambi\u00e9n es muy buena para cocinar. Tiene muy buena conservaci\u00f3n hasta la primavera. Color rojo-rosado.<\/p>\t\t\t\t\t\t\t\t<\/div>\n\t\t\t\t<\/div>\n\t\t\t\t<div class=\"elementor-element elementor-element-f385056 none elementor-widget elementor-widget-button\" data-id=\"f385056\" data-element_type=\"widget\" data-e-type=\"widget\" data-widget_type=\"button.default\">\n\t\t\t\t<div class=\"elementor-widget-container\">\n\t\t\t\t\t\t\t\t\t<div class=\"elementor-button-wrapper\">\n\t\t\t\t\t<a class=\"elementor-button elementor-size-sm\" role=\"button\">\n\t\t\t\t\t\t<span class=\"elementor-button-content-wrapper\">\n\t\t\t\t\t\t<span class=\"elementor-button-icon\">\n\t\t\t\t<i aria-hidden=\"true\" class=\" main-icon-close\"><\/i>\t\t\t<\/span>\n\t\t\t\t\t\t\t\t\t<span class=\"elementor-button-text\">Fin de existencias<\/span>\n\t\t\t\t\t<\/span>\n\t\t\t\t\t<\/a>\n\t\t\t\t<\/div>\n\t\t\t\t\t\t\t\t<\/div>\n\t\t\t\t<\/div>\n\t\t\t\t<div class=\"elementor-element elementor-element-151335c elementor-align-left elementor-hidden-desktop elementor-hidden-tablet elementor-hidden-mobile_extra elementor-hidden-mobile none elementor-widget elementor-widget-button\" data-id=\"151335c\" data-element_type=\"widget\" data-e-type=\"widget\" data-widget_type=\"button.default\">\n\t\t\t\t<div class=\"elementor-widget-container\">\n\t\t\t\t\t\t\t\t\t<div class=\"elementor-button-wrapper\">\n\t\t\t\t\t<a class=\"elementor-button elementor-button-link elementor-size-sm\" href=\"https:\/\/www.naranjasdealcanar.com\/es\/comprar-online\/tomate-de-colgar-1kg\/\">\n\t\t\t\t\t\t<span class=\"elementor-button-content-wrapper\">\n\t\t\t\t\t\t\t\t\t<span class=\"elementor-button-text\">A\u00d1ADIR AL CARRITO<\/span>\n\t\t\t\t\t<\/span>\n\t\t\t\t\t<\/a>\n\t\t\t\t<\/div>\n\t\t\t\t\t\t\t\t<\/div>\n\t\t\t\t<\/div>\n\t\t\t\t<\/div>\n\t\t\t\t\t<\/div>\n\t\t\t\t<\/div>\n\t\t<div class=\"elementor-element elementor-element-839d1b2 elementor-hidden-desktop elementor-hidden-tablet elementor-hidden-mobile_extra elementor-hidden-mobile e-flex e-con-boxed wpr-particle-no wpr-jarallax-no wpr-parallax-no wpr-sticky-section-no wpr-equal-height-no none e-con e-parent\" data-id=\"839d1b2\" data-element_type=\"container\" data-e-type=\"container\">\n\t\t\t\t\t<div class=\"e-con-inner\">\n\t\t<div class=\"elementor-element elementor-element-9f24ca1 e-con-full e-flex wpr-particle-no wpr-jarallax-no wpr-parallax-no wpr-sticky-section-no wpr-equal-height-no none e-con e-child\" data-id=\"9f24ca1\" data-element_type=\"container\" data-e-type=\"container\">\n\t\t\t\t<div class=\"elementor-element elementor-element-9b00cb2 none elementor-widget elementor-widget-heading\" data-id=\"9b00cb2\" data-element_type=\"widget\" data-e-type=\"widget\" data-widget_type=\"heading.default\">\n\t\t\t\t<div class=\"elementor-widget-container\">\n\t\t\t\t\t<h2 class=\"elementor-heading-title elementor-size-default\">Cambiamos naranjas \/ mandarinas por otros productos<\/h2>\t\t\t\t<\/div>\n\t\t\t\t<\/div>\n\t\t\t\t<\/div>\n\t\t\t\t\t<\/div>\n\t\t\t\t<\/div>\n\t\t<div class=\"elementor-element elementor-element-2c63b23 elementor-hidden-desktop elementor-hidden-tablet elementor-hidden-mobile_extra elementor-hidden-mobile e-flex e-con-boxed wpr-particle-no wpr-jarallax-no wpr-parallax-no wpr-sticky-section-no wpr-equal-height-no none e-con e-parent\" data-id=\"2c63b23\" data-element_type=\"container\" data-e-type=\"container\">\n\t\t\t\t\t<div class=\"e-con-inner\">\n\t\t<div class=\"elementor-element elementor-element-ef2400b e-con-full e-flex wpr-particle-no wpr-jarallax-no wpr-parallax-no wpr-sticky-section-no wpr-equal-height-no none e-con e-child\" data-id=\"ef2400b\" data-element_type=\"container\" data-e-type=\"container\">\n\t\t\t\t<div class=\"elementor-element elementor-element-ecbd823 effect background-zoom elementor-widget elementor-widget-image\" data-id=\"ecbd823\" data-element_type=\"widget\" data-e-type=\"widget\" data-widget_type=\"image.default\">\n\t\t\t\t<div class=\"elementor-widget-container\">\n\t\t\t\t\t\t\t\t\t\t\t\t\t\t\t<img decoding=\"async\" src=\"https:\/\/novaweb.naranjasdealcanar.com\/wp-content\/uploads\/2022\/09\/pomelos.jpg\" title=\"\" alt=\"\" loading=\"lazy\" \/>\t\t\t\t\t\t\t\t\t\t\t\t\t\t\t<\/div>\n\t\t\t\t<\/div>\n\t\t\t\t<\/div>\n\t\t<div class=\"elementor-element elementor-element-f1c2c14 e-con-full e-flex wpr-particle-no wpr-jarallax-no wpr-parallax-no wpr-sticky-section-no wpr-equal-height-no none e-con e-child\" data-id=\"f1c2c14\" data-element_type=\"container\" data-e-type=\"container\">\n\t\t\t\t<div class=\"elementor-element elementor-element-59d763c none elementor-widget elementor-widget-heading\" data-id=\"59d763c\" data-element_type=\"widget\" data-e-type=\"widget\" data-widget_type=\"heading.default\">\n\t\t\t\t<div class=\"elementor-widget-container\">\n\t\t\t\t\t<h2 class=\"elementor-heading-title elementor-size-default\">Pomelo<\/h2>\t\t\t\t<\/div>\n\t\t\t\t<\/div>\n\t\t\t\t<div class=\"elementor-element elementor-element-8d12013 none elementor-widget elementor-widget-image\" data-id=\"8d12013\" data-element_type=\"widget\" data-e-type=\"widget\" data-widget_type=\"image.default\">\n\t\t\t\t<div class=\"elementor-widget-container\">\n\t\t\t\t\t\t\t\t\t\t\t\t\t\t\t<img decoding=\"async\" width=\"91\" height=\"7\" src=\"https:\/\/www.naranjasdealcanar.com\/wp-content\/uploads\/2021\/09\/13-img-27.png\" class=\"attachment-large size-large wp-image-3552 wp-post-image\" alt=\"\" srcset=\"https:\/\/www.naranjasdealcanar.com\/wp-content\/uploads\/2021\/09\/13-img-27.png 91w, https:\/\/www.naranjasdealcanar.com\/wp-content\/uploads\/2021\/09\/13-img-27-76x6.png 76w, https:\/\/www.naranjasdealcanar.com\/wp-content\/uploads\/2021\/09\/13-img-27-64x5.png 64w\" sizes=\"(max-width: 91px) 100vw, 91px\" \/>\t\t\t\t\t\t\t\t\t\t\t\t\t\t\t<\/div>\n\t\t\t\t<\/div>\n\t\t\t\t<div class=\"elementor-element elementor-element-e6f28e6 none elementor-widget elementor-widget-text-editor\" data-id=\"e6f28e6\" data-element_type=\"widget\" data-e-type=\"widget\" data-widget_type=\"text-editor.default\">\n\t\t\t\t<div class=\"elementor-widget-container\">\n\t\t\t\t\t\t\t\t\t<p>Fruto \u00e1cido para hacer zumo, mezclado con naranja est\u00e1 espectacular. Rico en viatamina C, potente antioxidante y depurativo.\u00a0<\/p><p><strong>Temporada<\/strong>: a partir de febrero.<\/p>\t\t\t\t\t\t\t\t<\/div>\n\t\t\t\t<\/div>\n\t\t\t\t<div class=\"elementor-element elementor-element-600f221 none elementor-widget elementor-widget-button\" data-id=\"600f221\" data-element_type=\"widget\" data-e-type=\"widget\" data-widget_type=\"button.default\">\n\t\t\t\t<div class=\"elementor-widget-container\">\n\t\t\t\t\t\t\t\t\t<div class=\"elementor-button-wrapper\">\n\t\t\t\t\t<a class=\"elementor-button elementor-size-sm\" role=\"button\">\n\t\t\t\t\t\t<span class=\"elementor-button-content-wrapper\">\n\t\t\t\t\t\t<span class=\"elementor-button-icon\">\n\t\t\t\t<i aria-hidden=\"true\" class=\" main-icon-close\"><\/i>\t\t\t<\/span>\n\t\t\t\t\t\t\t\t\t<span class=\"elementor-button-text\">Temporada  finalizada<\/span>\n\t\t\t\t\t<\/span>\n\t\t\t\t\t<\/a>\n\t\t\t\t<\/div>\n\t\t\t\t\t\t\t\t<\/div>\n\t\t\t\t<\/div>\n\t\t\t\t<\/div>\n\t\t\t\t\t<\/div>\n\t\t\t\t<\/div>\n\t\t<div class=\"elementor-element elementor-element-e9272a4 e-flex e-con-boxed wpr-particle-no wpr-jarallax-no wpr-parallax-no wpr-sticky-section-no wpr-equal-height-no none e-con e-parent\" data-id=\"e9272a4\" data-element_type=\"container\" data-e-type=\"container\" data-settings=\"{&quot;background_background&quot;:&quot;classic&quot;}\">\n\t\t\t\t\t<div class=\"e-con-inner\">\n\t\t<div class=\"elementor-element elementor-element-f949a97 e-con-full e-flex wpr-particle-no wpr-jarallax-no wpr-parallax-no wpr-sticky-section-no wpr-equal-height-no none e-con e-child\" data-id=\"f949a97\" data-element_type=\"container\" data-e-type=\"container\">\n\t\t\t\t<div class=\"elementor-element elementor-element-80ea561 effect background-zoom elementor-widget elementor-widget-image\" data-id=\"80ea561\" data-element_type=\"widget\" data-e-type=\"widget\" data-widget_type=\"image.default\">\n\t\t\t\t<div class=\"elementor-widget-container\">\n\t\t\t\t\t\t\t\t\t\t\t\t\t\t\t<img decoding=\"async\" src=\"https:\/\/novaweb.naranjasdealcanar.com\/wp-content\/uploads\/2022\/09\/membrillo.jpg\" title=\"\" alt=\"\" loading=\"lazy\" \/>\t\t\t\t\t\t\t\t\t\t\t\t\t\t\t<\/div>\n\t\t\t\t<\/div>\n\t\t\t\t<\/div>\n\t\t<div class=\"elementor-element elementor-element-8d67063 e-con-full e-flex wpr-particle-no wpr-jarallax-no wpr-parallax-no wpr-sticky-section-no wpr-equal-height-no none e-con e-child\" data-id=\"8d67063\" data-element_type=\"container\" data-e-type=\"container\">\n\t\t\t\t<div class=\"elementor-element elementor-element-74b7857 none elementor-widget elementor-widget-heading\" data-id=\"74b7857\" data-element_type=\"widget\" data-e-type=\"widget\" data-widget_type=\"heading.default\">\n\t\t\t\t<div class=\"elementor-widget-container\">\n\t\t\t\t\t<h2 class=\"elementor-heading-title elementor-size-default\">Membrillo<\/h2>\t\t\t\t<\/div>\n\t\t\t\t<\/div>\n\t\t\t\t<div class=\"elementor-element elementor-element-7c368b2 none elementor-widget elementor-widget-image\" data-id=\"7c368b2\" data-element_type=\"widget\" data-e-type=\"widget\" data-widget_type=\"image.default\">\n\t\t\t\t<div class=\"elementor-widget-container\">\n\t\t\t\t\t\t\t\t\t\t\t\t\t\t\t<img decoding=\"async\" width=\"91\" height=\"7\" src=\"https:\/\/www.naranjasdealcanar.com\/wp-content\/uploads\/2021\/09\/13-img-27.png\" class=\"attachment-large size-large wp-image-3552 wp-post-image\" alt=\"\" srcset=\"https:\/\/www.naranjasdealcanar.com\/wp-content\/uploads\/2021\/09\/13-img-27.png 91w, https:\/\/www.naranjasdealcanar.com\/wp-content\/uploads\/2021\/09\/13-img-27-76x6.png 76w, https:\/\/www.naranjasdealcanar.com\/wp-content\/uploads\/2021\/09\/13-img-27-64x5.png 64w\" sizes=\"(max-width: 91px) 100vw, 91px\" \/>\t\t\t\t\t\t\t\t\t\t\t\t\t\t\t<\/div>\n\t\t\t\t<\/div>\n\t\t\t\t<div class=\"elementor-element elementor-element-b91bb36 none elementor-widget elementor-widget-text-editor\" data-id=\"b91bb36\" data-element_type=\"widget\" data-e-type=\"widget\" data-widget_type=\"text-editor.default\">\n\t\t\t\t<div class=\"elementor-widget-container\">\n\t\t\t\t\t\t\t\t\t<p>El membrillo es una fruta t\u00edpica del oto\u00f1o, de color amarillo brillante y muy arom\u00e1tica. Son membrillos caseros de nuestro huerto, cultivados y madurados sin ning\u00fan tratamiento qu\u00edmico. Cogemos y enviamos, sin abrillantar ni encerar.<\/p>\t\t\t\t\t\t\t\t<\/div>\n\t\t\t\t<\/div>\n\t\t\t\t<div class=\"elementor-element elementor-element-2c5c89d none elementor-widget elementor-widget-button\" data-id=\"2c5c89d\" data-element_type=\"widget\" data-e-type=\"widget\" data-widget_type=\"button.default\">\n\t\t\t\t<div class=\"elementor-widget-container\">\n\t\t\t\t\t\t\t\t\t<div class=\"elementor-button-wrapper\">\n\t\t\t\t\t<a class=\"elementor-button elementor-size-sm\" role=\"button\">\n\t\t\t\t\t\t<span class=\"elementor-button-content-wrapper\">\n\t\t\t\t\t\t<span class=\"elementor-button-icon\">\n\t\t\t\t<i aria-hidden=\"true\" class=\" main-icon-close\"><\/i>\t\t\t<\/span>\n\t\t\t\t\t\t\t\t\t<span class=\"elementor-button-text\">Temporada finalizada<\/span>\n\t\t\t\t\t<\/span>\n\t\t\t\t\t<\/a>\n\t\t\t\t<\/div>\n\t\t\t\t\t\t\t\t<\/div>\n\t\t\t\t<\/div>\n\t\t\t\t<\/div>\n\t\t\t\t\t<\/div>\n\t\t\t\t<\/div>\n\t\t\t\t<\/div>\n\t\t","protected":false},"excerpt":{"rendered":"<p>Pomelo Fruto \u00e1cido para hacer zumo, mezclado con naranja est\u00e1 espectacular. Rico en viatamina C, potente antioxidante y depurativo.\u00a0 Temporada: a partir de febrero. Lim\u00f3n Es uno de los c\u00edtricos m\u00e1s \u00e1cidos, es muy rico en vitamina C i otros minerales. Calibre mediano. Temporada: a partir de enero. Lim\u00f3n Es uno de los c\u00edtricos m\u00e1s \u00e1cidos, es muy rico en vitamina C i otros minerales. Calibre mediano. Temporada: a partir de enero. En maduraci\u00f3n Tomate de colgar Muy jugosa ideal para hacer: \u00abpan mojado en tomate\u00bb. Tambi\u00e9n es muy buena para cocinar. Tiene muy buena conservaci\u00f3n hasta la primavera. Color rojo-rosado. Fin de existencias A\u00d1ADIR AL CARRITO Cambiamos naranjas \/ mandarinas por otros productos Pomelo Fruto \u00e1cido para hacer zumo, mezclado con naranja est\u00e1 espectacular. Rico en viatamina C, potente antioxidante y depurativo.\u00a0 Temporada: a partir de febrero. Temporada finalizada Membrillo El membrillo es una fruta t\u00edpica del oto\u00f1o, de color amarillo brillante y muy arom\u00e1tica. Son membrillos caseros de nuestro huerto, cultivados y madurados sin ning\u00fan tratamiento qu\u00edmico. Cogemos y enviamos, sin abrillantar ni encerar. Temporada finalizada<\/p>\n","protected":false},"author":2,"featured_media":0,"parent":0,"menu_order":0,"comment_status":"closed","ping_status":"closed","template":"","meta":{"footnotes":""},"class_list":["post-6780","page","type-page","status-publish","hentry"],"yoast_head":"<!-- This site is optimized with the Yoast SEO plugin v27.5 - https:\/\/yoast.com\/product\/yoast-seo-wordpress\/ -->\n<title>Comprar otros productos - Naranjas de Alcanar<\/title>\n<meta name=\"robots\" content=\"index, follow, max-snippet:-1, max-image-preview:large, max-video-preview:-1\" \/>\n<link rel=\"canonical\" href=\"https:\/\/www.naranjasdealcanar.com\/es\/comprar-otros-productos\/\" \/>\n<meta property=\"og:locale\" content=\"es_ES\" \/>\n<meta property=\"og:type\" content=\"article\" \/>\n<meta property=\"og:title\" content=\"Comprar otros productos - Naranjas de Alcanar\" \/>\n<meta property=\"og:description\" content=\"Pomelo Fruto \u00e1cido para hacer zumo, mezclado con naranja est\u00e1 espectacular. Rico en viatamina C, potente antioxidante y depurativo.\u00a0 Temporada: a partir de febrero. Lim\u00f3n Es uno de los c\u00edtricos m\u00e1s \u00e1cidos, es muy rico en vitamina C i otros minerales. Calibre mediano. Temporada: a partir de enero. Lim\u00f3n Es uno de los c\u00edtricos m\u00e1s \u00e1cidos, es muy rico en vitamina C i otros minerales. Calibre mediano. Temporada: a partir de enero. En maduraci\u00f3n Tomate de colgar Muy jugosa ideal para hacer: \u00abpan mojado en tomate\u00bb. Tambi\u00e9n es muy buena para cocinar. Tiene muy buena conservaci\u00f3n hasta la primavera. Color rojo-rosado. Fin de existencias A\u00d1ADIR AL CARRITO Cambiamos naranjas \/ mandarinas por otros productos Pomelo Fruto \u00e1cido para hacer zumo, mezclado con naranja est\u00e1 espectacular. Rico en viatamina C, potente antioxidante y depurativo.\u00a0 Temporada: a partir de febrero. Temporada finalizada Membrillo El membrillo es una fruta t\u00edpica del oto\u00f1o, de color amarillo brillante y muy arom\u00e1tica. Son membrillos caseros de nuestro huerto, cultivados y madurados sin ning\u00fan tratamiento qu\u00edmico. Cogemos y enviamos, sin abrillantar ni encerar. Temporada finalizada\" \/>\n<meta property=\"og:url\" content=\"https:\/\/www.naranjasdealcanar.com\/es\/comprar-otros-productos\/\" \/>\n<meta property=\"og:site_name\" content=\"Naranjas de Alcanar\" \/>\n<meta property=\"article:modified_time\" content=\"2025-05-09T10:31:58+00:00\" \/>\n<meta property=\"og:image\" content=\"https:\/\/www.naranjasdealcanar.com\/wp-content\/uploads\/2021\/09\/13-img-27.png\" \/>\n\t<meta property=\"og:image:width\" content=\"91\" \/>\n\t<meta property=\"og:image:height\" content=\"7\" \/>\n\t<meta property=\"og:image:type\" content=\"image\/png\" \/>\n<meta name=\"twitter:card\" content=\"summary_large_image\" \/>\n<meta name=\"twitter:label1\" content=\"Tiempo de lectura\" \/>\n\t<meta name=\"twitter:data1\" content=\"3 minutos\" \/>\n<script type=\"application\/ld+json\" class=\"yoast-schema-graph\">{\"@context\":\"https:\\\/\\\/schema.org\",\"@graph\":[{\"@type\":\"WebPage\",\"@id\":\"https:\\\/\\\/www.naranjasdealcanar.com\\\/es\\\/comprar-otros-productos\\\/\",\"url\":\"https:\\\/\\\/www.naranjasdealcanar.com\\\/es\\\/comprar-otros-productos\\\/\",\"name\":\"Comprar otros productos - Naranjas de Alcanar\",\"isPartOf\":{\"@id\":\"https:\\\/\\\/www.naranjasdealcanar.com\\\/#website\"},\"primaryImageOfPage\":{\"@id\":\"https:\\\/\\\/www.naranjasdealcanar.com\\\/es\\\/comprar-otros-productos\\\/#primaryimage\"},\"image\":{\"@id\":\"https:\\\/\\\/www.naranjasdealcanar.com\\\/es\\\/comprar-otros-productos\\\/#primaryimage\"},\"thumbnailUrl\":\"https:\\\/\\\/www.naranjasdealcanar.com\\\/wp-content\\\/uploads\\\/2021\\\/09\\\/13-img-27.png\",\"datePublished\":\"2024-10-31T20:06:12+00:00\",\"dateModified\":\"2025-05-09T10:31:58+00:00\",\"breadcrumb\":{\"@id\":\"https:\\\/\\\/www.naranjasdealcanar.com\\\/es\\\/comprar-otros-productos\\\/#breadcrumb\"},\"inLanguage\":\"es\",\"potentialAction\":[{\"@type\":\"ReadAction\",\"target\":[\"https:\\\/\\\/www.naranjasdealcanar.com\\\/es\\\/comprar-otros-productos\\\/\"]}]},{\"@type\":\"ImageObject\",\"inLanguage\":\"es\",\"@id\":\"https:\\\/\\\/www.naranjasdealcanar.com\\\/es\\\/comprar-otros-productos\\\/#primaryimage\",\"url\":\"https:\\\/\\\/www.naranjasdealcanar.com\\\/wp-content\\\/uploads\\\/2021\\\/09\\\/13-img-27.png\",\"contentUrl\":\"https:\\\/\\\/www.naranjasdealcanar.com\\\/wp-content\\\/uploads\\\/2021\\\/09\\\/13-img-27.png\"},{\"@type\":\"BreadcrumbList\",\"@id\":\"https:\\\/\\\/www.naranjasdealcanar.com\\\/es\\\/comprar-otros-productos\\\/#breadcrumb\",\"itemListElement\":[{\"@type\":\"ListItem\",\"position\":1,\"name\":\"Portada\",\"item\":\"https:\\\/\\\/www.naranjasdealcanar.com\\\/\"},{\"@type\":\"ListItem\",\"position\":2,\"name\":\"Comprar otros productos\"}]},{\"@type\":\"WebSite\",\"@id\":\"https:\\\/\\\/www.naranjasdealcanar.com\\\/#website\",\"url\":\"https:\\\/\\\/www.naranjasdealcanar.com\\\/\",\"name\":\"Naranjas de Alcanar\",\"description\":\"Comprar naranjas y mandarinas clementinas naturales, frescas y de calidad. Naranjas de Alcanar. C\u00edtricos y fruta fresca de Alcanar. Del \u00e1rbol a casa en 24 h.\",\"publisher\":{\"@id\":\"https:\\\/\\\/www.naranjasdealcanar.com\\\/#organization\"},\"potentialAction\":[{\"@type\":\"SearchAction\",\"target\":{\"@type\":\"EntryPoint\",\"urlTemplate\":\"https:\\\/\\\/www.naranjasdealcanar.com\\\/?s={search_term_string}\"},\"query-input\":{\"@type\":\"PropertyValueSpecification\",\"valueRequired\":true,\"valueName\":\"search_term_string\"}}],\"inLanguage\":\"es\"},{\"@type\":\"Organization\",\"@id\":\"https:\\\/\\\/www.naranjasdealcanar.com\\\/#organization\",\"name\":\"Naranjas de Alcanar\",\"url\":\"https:\\\/\\\/www.naranjasdealcanar.com\\\/\",\"logo\":{\"@type\":\"ImageObject\",\"inLanguage\":\"es\",\"@id\":\"https:\\\/\\\/www.naranjasdealcanar.com\\\/#\\\/schema\\\/logo\\\/image\\\/\",\"url\":\"https:\\\/\\\/www.naranjasdealcanar.com\\\/wp-content\\\/uploads\\\/2022\\\/11\\\/cropped-logo-pestanya.png\",\"contentUrl\":\"https:\\\/\\\/www.naranjasdealcanar.com\\\/wp-content\\\/uploads\\\/2022\\\/11\\\/cropped-logo-pestanya.png\",\"width\":512,\"height\":512,\"caption\":\"Naranjas de Alcanar\"},\"image\":{\"@id\":\"https:\\\/\\\/www.naranjasdealcanar.com\\\/#\\\/schema\\\/logo\\\/image\\\/\"},\"sameAs\":[\"https:\\\/\\\/www.instagram.com\\\/naranjasdealcanar\\\/\",\"https:\\\/\\\/www.linkedin.com\\\/company\\\/naranjas-de-alcanar\\\/\"]}]}<\/script>\n<!-- \/ Yoast SEO plugin. -->","yoast_head_json":{"title":"Comprar otros productos - Naranjas de Alcanar","robots":{"index":"index","follow":"follow","max-snippet":"max-snippet:-1","max-image-preview":"max-image-preview:large","max-video-preview":"max-video-preview:-1"},"canonical":"https:\/\/www.naranjasdealcanar.com\/es\/comprar-otros-productos\/","og_locale":"es_ES","og_type":"article","og_title":"Comprar otros productos - Naranjas de Alcanar","og_description":"Pomelo Fruto \u00e1cido para hacer zumo, mezclado con naranja est\u00e1 espectacular. Rico en viatamina C, potente antioxidante y depurativo.\u00a0 Temporada: a partir de febrero. Lim\u00f3n Es uno de los c\u00edtricos m\u00e1s \u00e1cidos, es muy rico en vitamina C i otros minerales. Calibre mediano. Temporada: a partir de enero. Lim\u00f3n Es uno de los c\u00edtricos m\u00e1s \u00e1cidos, es muy rico en vitamina C i otros minerales. Calibre mediano. Temporada: a partir de enero. En maduraci\u00f3n Tomate de colgar Muy jugosa ideal para hacer: \u00abpan mojado en tomate\u00bb. Tambi\u00e9n es muy buena para cocinar. Tiene muy buena conservaci\u00f3n hasta la primavera. Color rojo-rosado. Fin de existencias A\u00d1ADIR AL CARRITO Cambiamos naranjas \/ mandarinas por otros productos Pomelo Fruto \u00e1cido para hacer zumo, mezclado con naranja est\u00e1 espectacular. Rico en viatamina C, potente antioxidante y depurativo.\u00a0 Temporada: a partir de febrero. Temporada finalizada Membrillo El membrillo es una fruta t\u00edpica del oto\u00f1o, de color amarillo brillante y muy arom\u00e1tica. Son membrillos caseros de nuestro huerto, cultivados y madurados sin ning\u00fan tratamiento qu\u00edmico. Cogemos y enviamos, sin abrillantar ni encerar. Temporada finalizada","og_url":"https:\/\/www.naranjasdealcanar.com\/es\/comprar-otros-productos\/","og_site_name":"Naranjas de Alcanar","article_modified_time":"2025-05-09T10:31:58+00:00","og_image":[{"width":91,"height":7,"url":"https:\/\/www.naranjasdealcanar.com\/wp-content\/uploads\/2021\/09\/13-img-27.png","type":"image\/png"}],"twitter_card":"summary_large_image","twitter_misc":{"Tiempo de lectura":"3 minutos"},"schema":{"@context":"https:\/\/schema.org","@graph":[{"@type":"WebPage","@id":"https:\/\/www.naranjasdealcanar.com\/es\/comprar-otros-productos\/","url":"https:\/\/www.naranjasdealcanar.com\/es\/comprar-otros-productos\/","name":"Comprar otros productos - Naranjas de Alcanar","isPartOf":{"@id":"https:\/\/www.naranjasdealcanar.com\/#website"},"primaryImageOfPage":{"@id":"https:\/\/www.naranjasdealcanar.com\/es\/comprar-otros-productos\/#primaryimage"},"image":{"@id":"https:\/\/www.naranjasdealcanar.com\/es\/comprar-otros-productos\/#primaryimage"},"thumbnailUrl":"https:\/\/www.naranjasdealcanar.com\/wp-content\/uploads\/2021\/09\/13-img-27.png","datePublished":"2024-10-31T20:06:12+00:00","dateModified":"2025-05-09T10:31:58+00:00","breadcrumb":{"@id":"https:\/\/www.naranjasdealcanar.com\/es\/comprar-otros-productos\/#breadcrumb"},"inLanguage":"es","potentialAction":[{"@type":"ReadAction","target":["https:\/\/www.naranjasdealcanar.com\/es\/comprar-otros-productos\/"]}]},{"@type":"ImageObject","inLanguage":"es","@id":"https:\/\/www.naranjasdealcanar.com\/es\/comprar-otros-productos\/#primaryimage","url":"https:\/\/www.naranjasdealcanar.com\/wp-content\/uploads\/2021\/09\/13-img-27.png","contentUrl":"https:\/\/www.naranjasdealcanar.com\/wp-content\/uploads\/2021\/09\/13-img-27.png"},{"@type":"BreadcrumbList","@id":"https:\/\/www.naranjasdealcanar.com\/es\/comprar-otros-productos\/#breadcrumb","itemListElement":[{"@type":"ListItem","position":1,"name":"Portada","item":"https:\/\/www.naranjasdealcanar.com\/"},{"@type":"ListItem","position":2,"name":"Comprar otros productos"}]},{"@type":"WebSite","@id":"https:\/\/www.naranjasdealcanar.com\/#website","url":"https:\/\/www.naranjasdealcanar.com\/","name":"Naranjas de Alcanar","description":"Comprar naranjas y mandarinas clementinas naturales, frescas y de calidad. Naranjas de Alcanar. C\u00edtricos y fruta fresca de Alcanar. Del \u00e1rbol a casa en 24 h.","publisher":{"@id":"https:\/\/www.naranjasdealcanar.com\/#organization"},"potentialAction":[{"@type":"SearchAction","target":{"@type":"EntryPoint","urlTemplate":"https:\/\/www.naranjasdealcanar.com\/?s={search_term_string}"},"query-input":{"@type":"PropertyValueSpecification","valueRequired":true,"valueName":"search_term_string"}}],"inLanguage":"es"},{"@type":"Organization","@id":"https:\/\/www.naranjasdealcanar.com\/#organization","name":"Naranjas de Alcanar","url":"https:\/\/www.naranjasdealcanar.com\/","logo":{"@type":"ImageObject","inLanguage":"es","@id":"https:\/\/www.naranjasdealcanar.com\/#\/schema\/logo\/image\/","url":"https:\/\/www.naranjasdealcanar.com\/wp-content\/uploads\/2022\/11\/cropped-logo-pestanya.png","contentUrl":"https:\/\/www.naranjasdealcanar.com\/wp-content\/uploads\/2022\/11\/cropped-logo-pestanya.png","width":512,"height":512,"caption":"Naranjas de Alcanar"},"image":{"@id":"https:\/\/www.naranjasdealcanar.com\/#\/schema\/logo\/image\/"},"sameAs":["https:\/\/www.instagram.com\/naranjasdealcanar\/","https:\/\/www.linkedin.com\/company\/naranjas-de-alcanar\/"]}]}},"_links":{"self":[{"href":"https:\/\/www.naranjasdealcanar.com\/es\/wp-json\/wp\/v2\/pages\/6780","targetHints":{"allow":["GET"]}}],"collection":[{"href":"https:\/\/www.naranjasdealcanar.com\/es\/wp-json\/wp\/v2\/pages"}],"about":[{"href":"https:\/\/www.naranjasdealcanar.com\/es\/wp-json\/wp\/v2\/types\/page"}],"author":[{"embeddable":true,"href":"https:\/\/www.naranjasdealcanar.com\/es\/wp-json\/wp\/v2\/users\/2"}],"replies":[{"embeddable":true,"href":"https:\/\/www.naranjasdealcanar.com\/es\/wp-json\/wp\/v2\/comments?post=6780"}],"version-history":[{"count":36,"href":"https:\/\/www.naranjasdealcanar.com\/es\/wp-json\/wp\/v2\/pages\/6780\/revisions"}],"predecessor-version":[{"id":15713,"href":"https:\/\/www.naranjasdealcanar.com\/es\/wp-json\/wp\/v2\/pages\/6780\/revisions\/15713"}],"wp:attachment":[{"href":"https:\/\/www.naranjasdealcanar.com\/es\/wp-json\/wp\/v2\/media?parent=6780"}],"curies":[{"name":"wp","href":"https:\/\/api.w.org\/{rel}","templated":true}]}}